{"id":17114,"date":"2020-03-02T08:56:00","date_gmt":"2020-03-02T08:56:00","guid":{"rendered":"https:\/\/horwathhtl.com\/?post_type=publication&#038;p=17114"},"modified":"2024-12-16T13:42:50","modified_gmt":"2024-12-16T13:42:50","slug":"panorama-del-mercado-hostelero-en-galicia","status":"publish","type":"publication","link":"https:\/\/horwathhtl.com\/es\/publication\/panorama-del-mercado-hostelero-en-galicia\/","title":{"rendered":"Panorama del mercado hostelero en Galicia"},"content":{"rendered":"<div  class=\"hhtl-hero hhtl-hero-white hhtl-hero-reverse-gradient\">\n    <div style=\"--hhtl-margin-bottom: 6;\" class=\"grid grid-cols-1 lg:grid-cols-2 lg:auto-rows-fr hhtl-margin\">\n    <div class=\"hhtl-hero-triangle-position\">\n      <div class=\"hhtl-hero-triangle-wrapper opacity-0\">\n        <div class=\"hhtl-hero-triangle-container hhtl-hero-triangle-image\">\n                          <img decoding=\"async\" src=\"https:\/\/horwathhtl.com\/wp-content\/uploads\/2024\/09\/Spain_Camino_scallop-shell.jpeg\" class=\"hhtl-hero-image-hidden\" \/>\n                <div style=\" background-image: url(https:\/\/horwathhtl.com\/wp-content\/uploads\/2024\/09\/Spain_Camino_scallop-shell.jpeg);\" class=\"hhtl-hero-image\"><\/div>\n                      <\/div>\n      <\/div>\n    <\/div>\n    <div class=\"hhtl-hero-content-container\">\n      <div class=\"hhtl-hero-content\">\n                      <h3 class=\"hhtl-hero-strapline hhtl-animate-global-top\">Informe<\/h3>\n                    <h1 style=\"\" class=\"hhtl-hero-heading hhtl-animate-global-top hhtl-animate-global-delay-1\">Panorama del mercado hostelero en Galicia<\/h1>\n                      <h3 class=\"hhtl-hero-description-heading hhtl-animate-global-top  hhtl-animate-global-delay-2\">Recuperaci\u00f3n y rendimiento del mercado:<\/h3>\n                          <div class=\"hhtl-hero-description\">\n                <p class=\"b1 hhtl-animate-global-top hhtl-animate-global-delay-3\">Galicia, regi\u00f3n del noroeste de Espa\u00f1a, ha experimentado un importante crecimiento y desarrollo en su sector hostelero durante la \u00faltima d\u00e9cada. Con un PIB de 62.570 M \u20ac, Galicia se encuentra entre las seis primeras regiones de Espa\u00f1a, y el crecimiento y la consolidaci\u00f3n de la comunidad empresarial local han mejorado su posici\u00f3n econ\u00f3mica a nivel nacional. El turismo en Galicia creci\u00f3 entre 2013 y 2019, precipitando una mejora de la rentabilidad hotelera. La ADR (Tarifa Media Diaria) aument\u00f3 un 4,34% entre los a\u00f1os 2017-19. El RevPar y el ADR son fuertemente estacionales, concentr\u00e1ndose en los meses de verano. Existe diversidad y disparidad seg\u00fan el estilo y niveles de los hoteles, concentr\u00e1ndose los precios m\u00e1s altos en cuatro n\u00facleos tur\u00edsticos: Vigo, Sanxenxo, Santiago de Compostela y A Coru\u00f1a. En el primer semestre de 2019, la demanda tur\u00edstica de Galicia fue la que m\u00e1s creci\u00f3: un 7,7% frente al 1,2% del resto de Espa\u00f1a, lo que demuestra un cambio hacia temporadas m\u00e1s largas, con viajeros que tambi\u00e9n acuden en temporada media y baja.  <\/p>              <\/div>\n                  <\/div>\n          <\/div>\n  <\/div>\n  <\/div>\n\n\n<div style=\"--hhtl-padding-top: 0; --hhtl-padding-bottom: 15;\" class=\"hhtl-publication-info hhtl-padding\">\n  <div>\n        <div class=\"grid grid-cols-1 md:grid-cols-5\">\n      <div style=\"--hhtl-padding-x: 6;\" class=\"md:col-span-3 hhtl-padding\">\n        <div class=\"sticky top-0\">\n          <div class=\"hhtl-animate-global-top\">\n            <p><span data-contrast=\"auto\">Galicia es ahora un destino destacado dentro de Espa\u00f1a, que ofrece una mezcla de opciones de hosteler\u00eda tradicionales y modernas.<\/span><span data-ccp-props=\"{\"134233117\":true,\"134233118\":true,\"201341983\":0,\"335559739\":160,\"335559740\":240}\"> <\/span><span data-ccp-props=\"{\"134233117\":true,\"134233118\":true,\"201341983\":0,\"335559739\":160,\"335559740\":240}\"> <\/span><\/p>\n<p><b><span data-contrast=\"auto\">Contexto econ\u00f3mico<\/span><\/b><span data-ccp-props=\"{\"134233117\":true,\"134233118\":true,\"201341983\":0,\"335559739\":160,\"335559740\":240}\"> <\/span><\/p>\n<ul>\n<li data-leveltext=\"\uf0b7\" data-font=\"Symbol\" data-listid=\"1\" data-list-defn-props=\"{\"335552541\":1,\"335559685\":720,\"335559991\":360,\"469769226\":\"Symbol\",\"469769242\":[8226],\"469777803\":\"left\",\"469777804\":\"\uf0b7\",\"469777815\":\"multilevel\"}\" aria-setsize=\"-1\" data-aria-posinset=\"1\" data-aria-level=\"1\">PIB: El PIB de Galicia asciende a 62.570 millones de euros, lo que la sit\u00faa entre las seis primeras regiones de Espa\u00f1a.<\/li>\n<\/ul>\n<ul>\n<li data-leveltext=\"\uf0b7\" data-font=\"Symbol\" data-listid=\"1\" data-list-defn-props=\"{\"335552541\":1,\"335559685\":720,\"335559991\":360,\"469769226\":\"Symbol\",\"469769242\":[8226],\"469777803\":\"left\",\"469777804\":\"\uf0b7\",\"469777815\":\"multilevel\"}\" aria-setsize=\"-1\" data-aria-posinset=\"2\" data-aria-level=\"1\">Industrias clave<span data-contrast=\"auto\">: La industria del autom\u00f3vil (PSA-Peugeot en Vigo), el sector textil (Inditex en Arteixo) y el sector agroalimentario (Estrella Galicia en A Coru\u00f1a) son cruciales para la econom\u00eda local. El aumento de la actividad en estos sectores ha repercutido positivamente en la hosteler\u00eda. <\/span><span data-ccp-props=\"{\"134233117\":true,\"134233118\":true,\"201341983\":0,\"335559739\":160,\"335559740\":240}\"> <\/span><\/li>\n<\/ul>\n<p><b><span data-contrast=\"auto\">Turismo y conectividad<\/span><\/b><span data-ccp-props=\"{\"134233117\":true,\"134233118\":true,\"201341983\":0,\"335559739\":160,\"335559740\":240}\"> <\/span><\/p>\n<ul>\n<li data-leveltext=\"\uf0b7\" data-font=\"Symbol\" data-listid=\"2\" data-list-defn-props=\"{\"335552541\":1,\"335559685\":720,\"335559991\":360,\"469769226\":\"Symbol\",\"469769242\":[8226],\"469777803\":\"left\",\"469777804\":\"\uf0b7\",\"469777815\":\"multilevel\"}\" aria-setsize=\"-1\" data-aria-posinset=\"1\" data-aria-level=\"1\">Transporte a\u00e9reo: Los tres aeropuertos de la regi\u00f3n -Peinador, Lavacolla y Alvedro- gestionaron la cifra r\u00e9cord de 5,26 millones de pasajeros en 2019.<\/li>\n<\/ul>\n<ul>\n<li data-leveltext=\"\uf0b7\" data-font=\"Symbol\" data-listid=\"2\" data-list-defn-props=\"{\"335552541\":1,\"335559685\":720,\"335559991\":360,\"469769226\":\"Symbol\",\"469769242\":[8226],\"469777803\":\"left\",\"469777804\":\"\uf0b7\",\"469777815\":\"multilevel\"}\" aria-setsize=\"-1\" data-aria-posinset=\"2\" data-aria-level=\"1\">Ferrocarril y carretera<span data-contrast=\"auto\">: Las mejoras en las infraestructuras han reducido los tiempos de viaje en las conexiones ferroviarias de media distancia, y la l\u00ednea de Tren de Alta Velocidad (AVE) se inaugurar\u00e1 en 2022. La red de carreteras conecta las principales ciudades gallegas con Portugal, el norte de Espa\u00f1a y Madrid a trav\u00e9s de las autopistas AP9, A52, A6, A8 y A28. <\/span><span data-ccp-props=\"{\"134233117\":true,\"134233118\":true,\"201341983\":0,\"335559739\":160,\"335559740\":240}\"> <\/span><\/li>\n<\/ul>\n<p><b><span data-contrast=\"auto\">El Camino de Santiago<\/span><\/b><span data-ccp-props=\"{\"134233117\":true,\"134233118\":true,\"201341983\":0,\"335559739\":160,\"335559740\":240}\"> <\/span><\/p>\n<p><span data-contrast=\"auto\">El Camino de Santiago, ruta hist\u00f3rica de peregrinaci\u00f3n, impulsa significativamente el turismo en Galicia. Los esfuerzos de las autoridades locales para promover y mejorar esta ruta tienen como objetivo: <\/span><span data-ccp-props=\"{\"134233117\":true,\"134233118\":true,\"201341983\":0,\"335559739\":160,\"335559740\":240}\"> <\/span><span data-ccp-props=\"{\"134233117\":true,\"134233118\":true,\"201341983\":0,\"335559739\":160,\"335559740\":240}\"> <\/span><\/p>\n<ul>\n<li data-leveltext=\"\uf0b7\" data-font=\"Symbol\" data-listid=\"3\" data-list-defn-props=\"{\"335552541\":1,\"335559685\":720,\"335559991\":360,\"469769226\":\"Symbol\",\"469769242\":[8226],\"469777803\":\"left\",\"469777804\":\"\uf0b7\",\"469777815\":\"multilevel\"}\" aria-setsize=\"-1\" data-aria-posinset=\"1\" data-aria-level=\"1\"><span data-contrast=\"auto\">Aumentar el n\u00famero de turistas nacionales e internacionales.<\/span><span data-ccp-props=\"{\"134233117\":true,\"134233118\":true,\"201341983\":0,\"335559739\":160,\"335559740\":240}\"> <\/span><\/li>\n<\/ul>\n<ul>\n<li data-leveltext=\"\uf0b7\" data-font=\"Symbol\" data-listid=\"3\" data-list-defn-props=\"{\"335552541\":1,\"335559685\":720,\"335559991\":360,\"469769226\":\"Symbol\",\"469769242\":[8226],\"469777803\":\"left\",\"469777804\":\"\uf0b7\",\"469777815\":\"multilevel\"}\" aria-setsize=\"-1\" data-aria-posinset=\"2\" data-aria-level=\"1\"><span data-contrast=\"auto\">Aumentar el gasto medio de los turistas.<\/span><span data-ccp-props=\"{\"134233117\":true,\"134233118\":true,\"201341983\":0,\"335559739\":160,\"335559740\":240}\"> <\/span><\/li>\n<\/ul>\n<ul>\n<li data-leveltext=\"\uf0b7\" data-font=\"Symbol\" data-listid=\"3\" data-list-defn-props=\"{\"335552541\":1,\"335559685\":720,\"335559991\":360,\"469769226\":\"Symbol\",\"469769242\":[8226],\"469777803\":\"left\",\"469777804\":\"\uf0b7\",\"469777815\":\"multilevel\"}\" aria-setsize=\"-1\" data-aria-posinset=\"3\" data-aria-level=\"1\"><span data-contrast=\"auto\">Reduce la estacionalidad.<\/span><span data-ccp-props=\"{\"134233117\":true,\"134233118\":true,\"201341983\":0,\"335559739\":160,\"335559740\":240}\"> <\/span><\/li>\n<\/ul>\n<p><span data-ccp-props=\"{\"134233117\":true,\"134233118\":true,\"201341983\":0,\"335559739\":160,\"335559740\":240}\"> <\/span><span data-contrast=\"auto\">En 2019, la ruta atrajo a 347.578 peregrinos, un 7% m\u00e1s que en 2018. Se espera que la popularidad contin\u00fae, sobre todo durante los a\u00f1os del Xacobeo (2021 y 2027). <\/span><span data-ccp-props=\"{\"134233117\":true,\"134233118\":true,\"201341983\":0,\"335559739\":160,\"335559740\":240}\"> <\/span><\/p>\n<p><b><span data-contrast=\"auto\">Rendimiento del mercado<\/span><\/b><span data-ccp-props=\"{\"134233117\":true,\"134233118\":true,\"201341983\":0,\"335559739\":160,\"335559740\":240}\"> <\/span><\/p>\n<ul>\n<li data-leveltext=\"\uf0b7\" data-font=\"Symbol\" data-listid=\"4\" data-list-defn-props=\"{\"335552541\":1,\"335559685\":720,\"335559991\":360,\"469769226\":\"Symbol\",\"469769242\":[8226],\"469777803\":\"left\",\"469777804\":\"\uf0b7\",\"469777815\":\"multilevel\"}\" aria-setsize=\"-1\" data-aria-posinset=\"1\" data-aria-level=\"1\">Crecimiento del turismo: De 2013 a 2019, la demanda tur\u00edstica en Galicia creci\u00f3 de forma sostenida, mejorando la rentabilidad hotelera.<\/li>\n<\/ul>\n<ul>\n<li data-leveltext=\"\uf0b7\" data-font=\"Symbol\" data-listid=\"4\" data-list-defn-props=\"{\"335552541\":1,\"335559685\":720,\"335559991\":360,\"469769226\":\"Symbol\",\"469769242\":[8226],\"469777803\":\"left\",\"469777804\":\"\uf0b7\",\"469777815\":\"multilevel\"}\" aria-setsize=\"-1\" data-aria-posinset=\"2\" data-aria-level=\"1\">Ocupaci\u00f3n y tarifas:<\/li>\n<\/ul>\n<ul>\n<li data-leveltext=\"o\" data-font=\"Courier New\" data-listid=\"4\" data-list-defn-props=\"{\"335552541\":1,\"335559685\":1440,\"335559991\":360,\"469769226\":\"Courier New\",\"469769242\":[9675],\"469777803\":\"left\",\"469777804\":\"o\",\"469777815\":\"multilevel\"}\" aria-setsize=\"-1\" data-aria-posinset=\"1\" data-aria-level=\"2\">RevPAR: Aument\u00f3 un 10,34%, de 23,19 euros en 2017 a 25,59 euros en 2019.<\/li>\n<\/ul>\n<ul>\n<li data-leveltext=\"o\" data-font=\"Courier New\" data-listid=\"4\" data-list-defn-props=\"{\"335552541\":1,\"335559685\":1440,\"335559991\":360,\"469769226\":\"Courier New\",\"469769242\":[9675],\"469777803\":\"left\",\"469777804\":\"o\",\"469777815\":\"multilevel\"}\" aria-setsize=\"-1\" data-aria-posinset=\"2\" data-aria-level=\"2\">ADR: Subi\u00f3 un 4,34%, de 55,03 euros en 2017 a 57,42 euros en 2019.<\/li>\n<\/ul>\n<ul>\n<li data-leveltext=\"o\" data-font=\"Courier New\" data-listid=\"4\" data-list-defn-props=\"{\"335552541\":1,\"335559685\":1440,\"335559991\":360,\"469769226\":\"Courier New\",\"469769242\":[9675],\"469777803\":\"left\",\"469777804\":\"o\",\"469777815\":\"multilevel\"}\" aria-setsize=\"-1\" data-aria-posinset=\"3\" data-aria-level=\"2\">Estacionalidad: La ocupaci\u00f3n y las tarifas son muy estacionales, alcanzando su m\u00e1ximo en los meses de verano.<\/li>\n<\/ul>\n<p><b><span data-contrast=\"auto\">Resumen del alojamiento<\/span><\/b><span data-ccp-props=\"{\"134233117\":true,\"134233118\":true,\"201341983\":0,\"335559739\":160,\"335559740\":240}\"> <\/span><\/p>\n<p><span data-contrast=\"auto\">Galicia ofrece una mezcla de opciones de alojamiento tradicionales y modernas:<\/span><span data-ccp-props=\"{\"134233117\":true,\"134233118\":true,\"201341983\":0,\"335559739\":160,\"335559740\":240}\"> <\/span><\/p>\n<ul>\n<li data-leveltext=\"\uf0b7\" data-font=\"Symbol\" data-listid=\"5\" data-list-defn-props=\"{\"335552541\":1,\"335559685\":720,\"335559991\":360,\"469769226\":\"Symbol\",\"469769242\":[8226],\"469777803\":\"left\",\"469777804\":\"\uf0b7\",\"469777815\":\"multilevel\"}\" aria-setsize=\"-1\" data-aria-posinset=\"1\" data-aria-level=\"1\">Oferta de camas: Concentrada en las categor\u00edas de 2 estrellas (26,35%) y 4 estrellas (29,26%).<\/li>\n<\/ul>\n<ul>\n<li data-leveltext=\"\uf0b7\" data-font=\"Symbol\" data-listid=\"5\" data-list-defn-props=\"{\"335552541\":1,\"335559685\":720,\"335559991\":360,\"469769226\":\"Symbol\",\"469769242\":[8226],\"469777803\":\"left\",\"469777804\":\"\uf0b7\",\"469777815\":\"multilevel\"}\" aria-setsize=\"-1\" data-aria-posinset=\"2\" data-aria-level=\"1\">Promociones hoteleras<span data-contrast=\"auto\">: Crecimiento de las marcas nacionales e internacionales, como Barcel\u00f3, Marriott, Relais &#038; Chateaux, Accor y Hilton. Se prev\u00e9n futuras aperturas y reformas, apoyadas por el programa de Reforma de la TUR y el Plan MAT. <\/span><span data-ccp-props=\"{\"134233117\":true,\"134233118\":true,\"201341983\":0,\"335559739\":160,\"335559740\":240}\"> <\/span><\/li>\n<\/ul>\n<p><b><span data-contrast=\"auto\">Tendencias emergentes<\/span><\/b><span data-ccp-props=\"{\"134233117\":true,\"134233118\":true,\"201341983\":0,\"335559739\":160,\"335559740\":240}\"> <\/span><\/p>\n<ul>\n<li data-leveltext=\"\uf0b7\" data-font=\"Symbol\" data-listid=\"6\" data-list-defn-props=\"{\"335552541\":1,\"335559685\":720,\"335559991\":360,\"469769226\":\"Symbol\",\"469769242\":[8226],\"469777803\":\"left\",\"469777804\":\"\uf0b7\",\"469777815\":\"multilevel\"}\" aria-setsize=\"-1\" data-aria-posinset=\"1\" data-aria-level=\"1\">Glamping: Esta opci\u00f3n de acampada de alto nivel integra los entornos locales y la sostenibilidad, atendiendo a un perfil de turista de nivel alto\/medio. Algunos ejemplos son Las Caba\u00f1itas del Bosque en A Coru\u00f1a y Glamping Mui\u00f1eira en O Grove. <\/li>\n<\/ul>\n<ul>\n<li data-leveltext=\"\uf0b7\" data-font=\"Symbol\" data-listid=\"6\" data-list-defn-props=\"{\"335552541\":1,\"335559685\":720,\"335559991\":360,\"469769226\":\"Symbol\",\"469769242\":[8226],\"469777803\":\"left\",\"469777804\":\"\uf0b7\",\"469777815\":\"multilevel\"}\" aria-setsize=\"-1\" data-aria-posinset=\"2\" data-aria-level=\"1\">Patrimonio cultural: Edificios hist\u00f3ricos como Pazos y Paradores de Turismo ofrecen experiencias de alojamiento \u00fanicas. Galicia cuenta con 12 Paradores, que atraen a hu\u00e9spedes premium. <\/li>\n<\/ul>\n<ul>\n<li data-leveltext=\"\uf0b7\" data-font=\"Symbol\" data-listid=\"6\" data-list-defn-props=\"{\"335552541\":1,\"335559685\":720,\"335559991\":360,\"469769226\":\"Symbol\",\"469769242\":[8226],\"469777803\":\"left\",\"469777804\":\"\uf0b7\",\"469777815\":\"multilevel\"}\" aria-setsize=\"-1\" data-aria-posinset=\"3\" data-aria-level=\"1\">Salud y Bienestar: Galicia es conocida por su turismo termal y mineromedicinal, con 21 balnearios y m\u00e1s de 3.000 plazas hoteleras. Algunos ejemplos son el Hotel Balneario de Mondariz y el Talaso Atl\u00e1ntico. <\/li>\n<\/ul>\n<p><span data-ccp-props=\"{\"134233117\":true,\"134233118\":true,\"201341983\":0,\"335559739\":160,\"335559740\":240}\"> <\/span><b><span data-contrast=\"auto\">Nueva oferta y previsiones<\/span><\/b><span data-ccp-props=\"{\"134233117\":true,\"134233118\":true,\"201341983\":0,\"335559739\":160,\"335559740\":240}\"> <\/span><\/p>\n<ul>\n<li data-leveltext=\"\uf0b7\" data-font=\"Symbol\" data-listid=\"7\" data-list-defn-props=\"{\"335552541\":1,\"335559685\":720,\"335559991\":360,\"469769226\":\"Symbol\",\"469769242\":[8226],\"469777803\":\"left\",\"469777804\":\"\uf0b7\",\"469777815\":\"multilevel\"}\" aria-setsize=\"-1\" data-aria-posinset=\"1\" data-aria-level=\"1\">Nuevas promociones: DoubleTree by Hilton (58 habitaciones) y NOA Boutique Hotel (32 habitaciones) en A Coru\u00f1a, y Parador de Turismo de Mux\u00eda.<\/li>\n<\/ul>\n<ul>\n<li data-leveltext=\"\uf0b7\" data-font=\"Symbol\" data-listid=\"7\" data-list-defn-props=\"{\"335552541\":1,\"335559685\":720,\"335559991\":360,\"469769226\":\"Symbol\",\"469769242\":[8226],\"469777803\":\"left\",\"469777804\":\"\uf0b7\",\"469777815\":\"multilevel\"}\" aria-setsize=\"-1\" data-aria-posinset=\"2\" data-aria-level=\"1\">Perspectivas de futuro: Los a\u00f1os del Xacobeo y las nuevas rutas a\u00e9reas internacionales atraer\u00e1n a m\u00e1s turistas. La tendencia hacia experiencias aut\u00e9nticas, sostenibles y cercanas a la naturaleza presenta un importante potencial de crecimiento. <\/li>\n<\/ul>\n          <\/div>\n                          <div class=\"hhtl-animate-global-top\">\n                  <hr \/>\n                  <h3>Descargar el informe<\/h3>\n                  <p>\n                    Para consultar cuadros detallados, gr\u00e1ficos y otros an\u00e1lisis, descarga el informe completo <a href=\"https:\/\/horwathhtl.com\/wp-content\/uploads\/2024\/09\/MR_Galicia_Market-Overview.pdf\" target=\"_blank\">aqu\u00ed<\/a>                  <\/p>\n                <\/div>\n                      <\/div>\n      <\/div>\n      <div style=\"--hhtl-padding-x: 6;\" class=\"md:col-span-2 hhtl-padding\">\n        <div class=\"sticky top-0\">\n                        <div style=\"--hhtl-margin-bottom: 5;\" class=\"hhtl-margin hhtl-animate-global-top\">\n                <hr class=\"hhtl-animate-global-top\" \/>\n                <h3 class=\"hhtl-animate-global-top\">Oficina<\/h3>\n                                      <a href=\"https:\/\/horwathhtl.com\/es\/espana\/oficina\/espana\/\" class=\"hhtl-animate-global-top\">\n                        Espa\u00f1a                      <\/a>\n                      <br \/>\n                                  <\/div>\n                            <div class=\"hhtl-animate-global-top\">\n                <hr \/>\n                <h3>Descargar informe<\/h3>\n                                      <a href=\"https:\/\/horwathhtl.com\/wp-content\/uploads\/2024\/09\/MR_Galicia_Market-Overview.pdf\" target=\"_blank\" class=\"relative group w-2\/3 inline-block overflow-hidden\">\n                        <div class=\"absolute inset-0 opacity-0 group-hover:opacity-100 transition-opacity duration-500 bg-black\/40\"><\/div>\n                        <div class=\"absolute inset-0 w-full flex items-center justify-center\">\n                        <svg class=\"fill-hhtl-neutral-50 w-auto h-1\/6\" viewBox=\"0 0 14 13\" fill=\"none\" xmlns=\"http:\/\/www.w3.org\/2000\/svg\">\n                          <path class=\"translate-y-full opacity-0 group-hover:translate-y-0 group-hover:opacity-100 transition-all duration-300\" d=\"M13 13H1C0.734893 12.9996 0.480747 12.8942 0.293288 12.7067C0.105829 12.5193 0.000357171 12.2651 0 12V8H1V12H13V8H14V12C13.9996 12.2651 13.8942 12.5193 13.7067 12.7067C13.5193 12.8942 13.2651 12.9996 13 13Z\" \/>\n                          <path class=\"-translate-y-full opacity-0 group-hover:translate-y-0 group-hover:opacity-100 transition-all duration-300\" d=\"M11 5L10.3035 4.285L7.5 7.075L7.5 4.37121e-08L6.5 0L6.5 7.075L3.7135 4.285L3 5L7 9L11 5Z\" \/>\n                        <\/svg>\n                        <\/div>\n                        <img decoding=\"async\" src=\"https:\/\/horwathhtl.com\/wp-content\/uploads\/2024\/09\/MR_Galicia_Market-Overview-1-scaled-1.jpg\" alt=\"Panorama del mercado hostelero en Galicia\" style=\"border-width: 1px;\" class=\"border-hhtl-neutral-100\" \/>\n                      <\/a>\n                                          <div style=\"--hhtl-margin-top: 1.25;\" class=\"flex flex-wrap hhtl-margin\">\n                                                        <div style=\"background-color: #54c0e8; color: #ffffff; --hhtl-padding-x: 0.75; --hhtl-padding-y: 0.25; --hhtl-margin-right: 0.75;; --hhtl-margin-bottom: 0.75;\" class=\"hhtl-padding hhtl-margin caption rounded-md cursor-pointer\">\n                                  Hosteler\u00eda                                <\/div>\n                                                              <div style=\"background-color: #e5376b; color: #ffffff; --hhtl-padding-x: 0.75; --hhtl-padding-y: 0.25; --hhtl-margin-right: 0.75;; --hhtl-margin-bottom: 0.75;\" class=\"hhtl-padding hhtl-margin caption rounded-md cursor-pointer\">\n                                Market Reports                                <\/div>\n                                                              <div style=\"background-color: #0050ad; color: #ffffff; --hhtl-padding-x: 0.75; --hhtl-padding-y: 0.25; --hhtl-margin-right: 0.75;; --hhtl-margin-bottom: 0.75\" class=\"hhtl-padding hhtl-margin caption rounded-md cursor-pointer\">\n                                Report                                <\/div>\n                                                    <\/div>\n                                  <\/div>\n                  <div style=\"--hhtl-margin-top: 4;\" class=\"hhtl-margin\">\n      <hr class=\"hhtl-animate-global-top\" \/>\n      <h3 class=\"text-hhtl-neutral-500 hhtl-animate-global-top\">Comparte<\/h3>\n      <div class=\"flex\">\n                <a class=\"hhtl-animate-global-top hhtl-animate-global-delay-1\" href=\"https:\/\/www.linkedin.com\/sharing\/share-offsite?title=Panorama%20del%20mercado%20hostelero%20en%20Galicia&#038;url=https:\/\/horwathhtl.com\/es\/publication\/panorama-del-mercado-hostelero-en-galicia\/\" target=\"_blank\">\n          <div style=\"--hhtl-width: 2; --hhtl-height: 2; --hhtl-margin-y: 0; --hhtl-margin-right: 0.625;\" class=\"bg-hhtl-neutral-500 hover:bg-hhtl-amber hhtl-size flex hhtl-margin items-center justify-center rounded-md cursor-pointer transition-colors duration-300\">\n            <svg style=\"--hhtl-height: 1.3;\" class=\"hhtl-size fill-white\" viewBox=\"0 0 16 16\" xmlns=\"http:\/\/www.w3.org\/2000\/svg\">\n              <path d=\"M13.1 2H2.9C2.4 2 2 2.4 2 2.85V13.1C2 13.55 2.4 13.95 2.9 13.95H13.1C13.6 13.95 14 13.55 14 13.1V2.85C14 2.4 13.6 2 13.1 2ZM5.55 12.2H3.8V6.5H5.55V12.2ZM4.7 5.7C4.15 5.7 3.65 5.25 3.65 4.65C3.65 4.05 4.1 3.6 4.7 3.6C5.25 3.6 5.75 4.05 5.75 4.65C5.75 5.25 5.25 5.7 4.7 5.7ZM12.25 12.15H10.5V9.35C10.5 8.7 10.5 7.8 9.55 7.8C8.6 7.8 8.5 8.55 8.5 9.25V12.1H6.75V6.5H8.4V7.25H8.45C8.7 6.8 9.3 6.3 10.15 6.3C11.95 6.3 12.3 7.5 12.3 9.05V12.15H12.25Z\" \/>\n            <\/svg>\n          <\/div>\n        <\/a>\n        <a class=\"hhtl-animate-global-top hhtl-animate-global-delay-3\" href=\"https:\/\/www.facebook.com\/sharer.php?u=https:\/\/horwathhtl.com\/es\/publication\/panorama-del-mercado-hostelero-en-galicia\/\" target=\"_blank\">\n          <div style=\"--hhtl-width: 2; --hhtl-height: 2; --hhtl-margin-y: 0; --hhtl-margin-right: 0.625;\" class=\"bg-hhtl-neutral-500 hover:bg-hhtl-amber hhtl-size flex hhtl-margin items-center justify-center rounded-md cursor-pointer transition-colors duration-300\">\n            <svg style=\"--hhtl-height: 1.3;\" class=\"hhtl-size fill-white\" viewBox=\"0 0 16 16\" xmlns=\"http:\/\/www.w3.org\/2000\/svg\">\n              <path d=\"M13.335 2H2.665C2.48904 2.00131 2.32065 2.07179 2.19622 2.19622C2.07179 2.32065 2.00131 2.48904 2 2.665V13.335C2.00131 13.511 2.07179 13.6794 2.19622 13.8038C2.32065 13.9282 2.48904 13.9987 2.665 14H8.41V9.36H6.85V7.545H8.41V6.21C8.41 4.66 9.355 3.815 10.745 3.815C11.21 3.815 11.675 3.815 12.14 3.885V5.5H11.185C10.43 5.5 10.285 5.86 10.285 6.385V7.54H12.085L11.85 9.355H10.285V14H13.335C13.511 13.9987 13.6794 13.9282 13.8038 13.8038C13.9282 13.6794 13.9987 13.511 14 13.335V2.665C13.9987 2.48904 13.9282 2.32065 13.8038 2.19622C13.6794 2.07179 13.511 2.00131 13.335 2Z\" \/>\n            <\/svg>\n          <\/div>\n        <\/a>\n        <a class=\"hhtl-animate-global-top hhtl-animate-global-delay-4\" href=\"mailto:?subject=Panorama%20del%20mercado%20hostelero%20en%20Galicia&#038;body=https:\/\/horwathhtl.com\/es\/publication\/panorama-del-mercado-hostelero-en-galicia\/\">\n          <div style=\"--hhtl-width: 2; --hhtl-height: 2; --hhtl-margin-y: 0; --hhtl-margin-right: 0.625;\" class=\"bg-hhtl-neutral-500 hover:bg-hhtl-amber hhtl-size flex hhtl-margin items-center justify-center rounded-md cursor-pointer transition-colors duration-300\">\n            <svg style=\"--hhtl-height: 1.3;\" class=\"hhtl-size\" viewBox=\"0 0 16 16\" xmlns=\"http:\/\/www.w3.org\/2000\/svg\">\n              <path class=\"fill-white\" d=\"M14 3H2C1.73478 3 1.48043 3.10536 1.29289 3.29289C1.10536 3.48043 1 3.73478 1 4V12C1 12.2652 1.10536 12.5196 1.29289 12.7071C1.48043 12.8946 1.73478 13 2 13H14C14.2652 13 14.5196 12.8946 14.7071 12.7071C14.8946 12.5196 15 12.2652 15 12V4C15 3.73478 14.8946 3.48043 14.7071 3.29289C14.5196 3.10536 14.2652 3 14 3ZM12.9 4L8 7.39L3.1 4H12.9ZM2 12V4.455L7.715 8.41C7.7987 8.46806 7.89813 8.49918 8 8.49918C8.10187 8.49918 8.2013 8.46806 8.285 8.41L14 4.455V12H2Z\" fill=\"#161616\"\/>\n            <\/svg>\n          <\/div>\n        <\/a>\n      <\/div>\n    <\/div>\n            <\/div>\n      <\/div>\n    <\/div>\n  <\/div>\n<\/div>\n\n","protected":false},"featured_media":1055,"template":"","meta":{"_acf_changed":false},"publication-category":[],"class_list":["post-17114","publication","type-publication","status-publish","has-post-thumbnail","hentry"],"acf":[],"_links":{"self":[{"href":"https:\/\/horwathhtl.com\/es\/wp-json\/wp\/v2\/publication\/17114","targetHints":{"allow":["GET"]}}],"collection":[{"href":"https:\/\/horwathhtl.com\/es\/wp-json\/wp\/v2\/publication"}],"about":[{"href":"https:\/\/horwathhtl.com\/es\/wp-json\/wp\/v2\/types\/publication"}],"wp:featuredmedia":[{"embeddable":true,"href":"https:\/\/horwathhtl.com\/es\/wp-json\/wp\/v2\/media\/1055"}],"wp:attachment":[{"href":"https:\/\/horwathhtl.com\/es\/wp-json\/wp\/v2\/media?parent=17114"}],"wp:term":[{"taxonomy":"publication-category","embeddable":true,"href":"https:\/\/horwathhtl.com\/es\/wp-json\/wp\/v2\/publication-category?post=17114"}],"curies":[{"name":"wp","href":"https:\/\/api.w.org\/{rel}","templated":true}]}}